{"id":12,"date":"2024-01-30T07:45:52","date_gmt":"2024-01-30T07:45:52","guid":{"rendered":"https:\/\/staging.capannamotterascio.casticino.ch\/?page_id=12"},"modified":"2026-04-12T09:13:30","modified_gmt":"2026-04-12T09:13:30","slug":"tariffe","status":"publish","type":"page","link":"https:\/\/capannamotterascio.casticino.ch\/?page_id=12","title":{"rendered":"TARIFFE"},"content":{"rendered":"\n<p><\/p>\n\n\n\n<p>La capanna \u00e8 custodita <strong>da sabato 13 giugno a sabato 10 ottobre 2026<\/strong>. Il locale invernale \u00e8 sempre aperto, bibite e legna sono a disposizione.<\/p>\n\n\n\n<div style=\"height:57px\" aria-hidden=\"true\" class=\"wp-block-spacer\"><\/div>\n\n\n\n<h4 class=\"wp-block-heading\"><strong>Possibilit\u00e0 di riservazione:<\/strong><\/h4>\n\n\n\n<p>Tramite il <strong>sito di prenotazione online<\/strong>: <a href=\"https:\/\/www.hut-reservation.org\/reservation\/book-hut\/221\/wizard\">Hut Reservation<\/a><br><br>Per prenotazioni dell\u2019ultimo momento, vi chiediamo di contattarci telefonicamente.<br>Per qualsiasi domanda relativa alle prenotazioni, potete contattarci via e-mail o per telefono.<\/p>\n\n\n\n<div style=\"height:57px\" aria-hidden=\"true\" class=\"wp-block-spacer\"><\/div>\n\n\n\n<h4 class=\"wp-block-heading\"><strong>Pagamento<\/strong><\/h4>\n\n\n\n<p>Il pagamento \u00e8 possibile solo in contanti. Accettiamo CHF ed EUR.<\/p>\n\n\n\n<div style=\"height:57px\" aria-hidden=\"true\" class=\"wp-block-spacer\"><\/div>\n\n\n\n<h4 class=\"wp-block-heading\"><strong>Tariffe pernottamento &amp; mezza pensione<\/strong><\/h4>\n\n\n\n<p>Il prezzo comprende il pernottamento, la cena standard (zuppa, insalata, piatto forte, dessert) e un buffet colazione. IVA e tassa di soggiorno inclusa nel prezzo<\/p>\n\n\n\n<p><strong>Prezzi per la stagione 2026:<\/strong><\/p>\n\n\n\n<figure class=\"wp-block-table\"><table><thead><tr><th colspan=\"4\">Soci CAS\/FAT e societ\u00e0 con diritto di reciprocit\u00e0<\/th><\/tr><\/thead><tbody><tr><td>Categoria<\/td><td>Et\u00e0<\/td><td><strong>Tariffa<\/strong><\/td><td>di cui pernottamento<\/td><\/tr><tr><td>Bambini<\/td><td>&lt;8 anni<\/td><td><strong>CHF 30.-<\/strong><\/td><td>CHF 8.-<\/td><\/tr><tr><td>Ragazzi<\/td><td>dai 8 ai 14 anni<\/td><td><strong>CHF 50.-<\/strong><\/td><td>CHF 12.-<\/td><\/tr><tr><td>Giovani<\/td><td>dai 15 ai 21 anni<\/td><td><strong>CHF 65.-<\/strong><\/td><td>CHF 18.-<\/td><\/tr><tr><td>Adulti<\/td><td>&gt;22 anni<\/td><td><strong>CHF 82.-<\/strong><\/td><td>CHF 30.-<\/td><\/tr><tr><td>Guide alpine<\/td><td><\/td><td><strong>CHF 52.-<\/strong><\/td><td>CHF 0.-<\/td><\/tr><\/tbody><\/table><\/figure>\n\n\n\n<figure class=\"wp-block-table\"><table><thead><tr><th colspan=\"4\">Non soci di club alpini<\/th><\/tr><\/thead><tbody><tr><td>Categoria<\/td><td>Et\u00e0<\/td><td><strong>Tariffa<\/strong><\/td><td>di cui pernottamento<\/td><\/tr><tr><td>Bambini<\/td><td>&lt;8 anni<\/td><td><strong>CHF 32.-<\/strong><\/td><td>CHF 10.-<\/td><\/tr><tr><td>Ragazzi<\/td><td>dai 8 ai 14 anni<\/td><td><strong>CHF 55.-<\/strong><\/td><td>CHF 17.-<\/td><\/tr><tr><td>Giovani<\/td><td>dai 15 ai 21 anni<\/td><td><strong>CHF 72.-<\/strong><\/td><td>CHF 25.-<\/td><\/tr><tr><td>Adulti<\/td><td>&gt;22 anni<\/td><td><strong>CHF 95.-<\/strong><\/td><td>CHF 43.-<\/td><\/tr><\/tbody><\/table><\/figure>\n\n\n\n<figure class=\"wp-block-table\"><table><thead><tr><th colspan=\"3\">Sconto famiglia infrasettimanale<\/th><\/tr><\/thead><tbody><tr><td colspan=\"2\"><strong>Domenica &#8211; gioved\u00ec<\/strong><br>riduzione sul pernottamento<\/td><td> CHF 5.- Riduzione per ogni bambino &lt; 15 anni<\/td><\/tr><\/tbody><\/table><\/figure>\n\n\n\n<figure class=\"wp-block-table\"><table><thead><tr><th colspan=\"3\">Prezzi per scuole, gruppi scout, G+S<br>(Luned\u00ec-Gioved\u00ec)<\/th><\/tr><\/thead><tbody><tr><td>Ragazzi<\/td><td>dai 8 ai 14 anni<\/td><td>CHF 40.-<\/td><\/tr><tr><td>Giovani<\/td><td>dai 15 ai 18 anni<\/td><td>CHF 50.-<\/td><\/tr><\/tbody><\/table><\/figure>\n\n\n\n<figure class=\"wp-block-table\"><table><thead><tr><th colspan=\"3\">Extra<\/th><\/tr><\/thead><tbody><tr><td colspan=\"2\">Lunch<\/td><td>CHF 10.-<\/td><\/tr><tr><td colspan=\"2\">The (1 lt)<\/td><td>CHF 3.-<\/td><\/tr><tr><td colspan=\"2\">Doccia (a persona)<\/td><td>CHF 5.-<\/td><\/tr><tr><td colspan=\"2\"><strong>Per ragioni igieniche \u00e8 richiesto l&#8217;uso di un sacco lenzuolo.<\/strong><br>Sacco lenzuolo monouso<br>Sacco lenzuolo a noleggio<\/td><td>CHF 7.-<br>CHF 5.-<\/td><\/tr><\/tbody><\/table><\/figure>\n\n\n\n<div style=\"height:57px\" aria-hidden=\"true\" class=\"wp-block-spacer\"><\/div>\n\n\n\n<h4 class=\"wp-block-heading\"><strong>Condizioni di annullamento \/ No-show<\/strong><\/h4>\n\n\n\n<p>Gli annullamenti, le modifiche e i differimenti di prenotazioni non sono soggetti a costi se vengono notificati telefonicamente o modificati nel sistema di riservazione online al pi\u00f9 tardi entro le 18.00 due giorni prima della data prenotata.<\/p>\n\n\n\n<p>Per annullamenti e differimenti di prenotazioni, o modifiche del numero delle persone, non notificati oppure annunciati con ritardo, il guardiano della capanna Michela Motterascio CAS \u00e8 autorizzato ad addebitare una tassa d\u2019annullamento \/ no show.<\/p>\n\n\n\n<p>Le condizioni di cancellazione della capanna Michela Motterascio sono le seguenti:<\/p>\n\n\n\n<ul class=\"wp-block-list\">\n<li>fino a 2 giorni dall\u2019arrivo entro le 18.00 gratuita<\/li>\n\n\n\n<li>da 1 giorno dall\u2019arrivo entro le 18.00 CHF 30 per persona e notte<\/li>\n\n\n\n<li>no-show (mancata presentazione non notificata) CHF 50 per persona e notte<\/li>\n<\/ul>\n\n\n\n<div style=\"height:57px\" aria-hidden=\"true\" class=\"wp-block-spacer\"><\/div>\n\n\n\n<div class=\"wp-block-stackable-columns stk-block-columns stk-block stk-8a0c872\" data-block-id=\"8a0c872\"><style>.stk-8a0c872-column{--stk-columns-spacing:26px !important;--stk-column-gap:27px !important;}<\/style><div class=\"stk-row stk-inner-blocks stk-block-content stk-content-align stk-8a0c872-column\">\n<div class=\"wp-block-stackable-column stk-block-column stk-column stk-block stk-d1ef188 stk-block-background\" data-v=\"4\" data-block-id=\"d1ef188\"><div class=\"stk-column-wrapper stk-block-column__content stk-container stk-d1ef188-container stk--no-background stk--no-padding\"><div class=\"stk-block-content stk-inner-blocks stk-d1ef188-inner-blocks\">\n<p>Disposizioni per ospiti &#8211;&nbsp;<a href=\"https:\/\/staging.capannamotterascio.casticino.ch\/wp-content\/uploads\/2024\/05\/Disposizioni_per_gli_ospiti_1.pdf\" data-type=\"link\" data-id=\"https:\/\/staging.capannamotterascio.casticino.ch\/wp-content\/uploads\/2024\/05\/Disposizioni_per_gli_ospiti_1.pdf\" target=\"_blank\" rel=\"noreferrer noopener\">scarica pdf<\/a><\/p>\n<\/div><\/div><\/div>\n\n\n\n<div class=\"wp-block-stackable-column stk-block-column stk-column stk-block stk-c7020fe stk-block-background\" data-v=\"4\" data-block-id=\"c7020fe\"><div class=\"stk-column-wrapper stk-block-column__content stk-container stk-c7020fe-container stk--no-background stk--no-padding\"><div class=\"stk-block-content stk-inner-blocks stk-c7020fe-inner-blocks\">\n<p>Condizioni generali &#8211;&nbsp;<a href=\"https:\/\/capannamotterascio.casticino.ch\/wp-content\/uploads\/2025\/07\/CGC_Capanne_CAS.pdf\" data-type=\"link\" data-id=\"https:\/\/capannamotterascio.casticino.ch\/wp-content\/uploads\/2025\/07\/CGC_Capanne_CAS.pdf\" target=\"_blank\" rel=\"noreferrer noopener\">scarica pdf<\/a><\/p>\n<\/div><\/div><\/div>\n\n\n\n<div class=\"wp-block-stackable-column stk-block-column stk-column stk-block stk-6781fd7 stk-block-background\" data-v=\"4\" data-block-id=\"6781fd7\"><div class=\"stk-column-wrapper stk-block-column__content stk-container stk-6781fd7-container stk--no-background stk--no-padding\"><div class=\"stk-block-content stk-inner-blocks stk-6781fd7-inner-blocks\">\n<p>Per maggiori informazioni:<br><a href=\"mailto:motterascio@casticino.ch\" data-type=\"mailto\" data-id=\"mailto:motterascio@casticino.ch\">motterascio@casticino.ch<\/a><br>Tel capanna:&nbsp;<a href=\"tel:+41918692330\">+41 91 872 16 22<\/a><\/p>\n<\/div><\/div><\/div>\n<\/div><\/div>\n","protected":false},"excerpt":{"rendered":"<p>La capanna \u00e8 custodita da sabato 13 giugno a sabato 10 ottobre 2026. Il locale invernale \u00e8 sempre aperto, bibite e legna sono a disposizione. Possibilit\u00e0 di riservazione: Tramite il sito di prenotazione online: Hut Reservation Per prenotazioni dell\u2019ultimo momento, vi chiediamo di contattarci telefonicamente.Per qualsiasi domanda relativa alle prenotazioni, potete contattarci via e-mail o [&hellip;]<\/p>\n","protected":false},"author":2,"featured_media":0,"parent":0,"menu_order":0,"comment_status":"closed","ping_status":"closed","template":"","meta":{"pgc_sgb_lightbox_settings":"","footnotes":""},"class_list":["post-12","page","type-page","status-publish","hentry"],"_links":{"self":[{"href":"https:\/\/capannamotterascio.casticino.ch\/index.php?rest_route=\/wp\/v2\/pages\/12","targetHints":{"allow":["GET"]}}],"collection":[{"href":"https:\/\/capannamotterascio.casticino.ch\/index.php?rest_route=\/wp\/v2\/pages"}],"about":[{"href":"https:\/\/capannamotterascio.casticino.ch\/index.php?rest_route=\/wp\/v2\/types\/page"}],"author":[{"embeddable":true,"href":"https:\/\/capannamotterascio.casticino.ch\/index.php?rest_route=\/wp\/v2\/users\/2"}],"replies":[{"embeddable":true,"href":"https:\/\/capannamotterascio.casticino.ch\/index.php?rest_route=%2Fwp%2Fv2%2Fcomments&post=12"}],"version-history":[{"count":31,"href":"https:\/\/capannamotterascio.casticino.ch\/index.php?rest_route=\/wp\/v2\/pages\/12\/revisions"}],"predecessor-version":[{"id":785,"href":"https:\/\/capannamotterascio.casticino.ch\/index.php?rest_route=\/wp\/v2\/pages\/12\/revisions\/785"}],"wp:attachment":[{"href":"https:\/\/capannamotterascio.casticino.ch\/index.php?rest_route=%2Fwp%2Fv2%2Fmedia&parent=12"}],"curies":[{"name":"wp","href":"https:\/\/api.w.org\/{rel}","templated":true}]}}